{"id":22864,"date":"2025-07-17T09:25:54","date_gmt":"2025-07-17T08:25:54","guid":{"rendered":"https:\/\/lindemannlaw.ch\/relocation-to-the-canton-of-appenzell-innerrhoden-migration-law-corporate-law-and-tax\/"},"modified":"2025-09-05T14:06:01","modified_gmt":"2025-09-05T13:06:01","slug":"relocation-to-the-canton-of-appenzell-innerrhoden-migration-law-corporate-law-and-tax","status":"publish","type":"page","link":"https:\/\/lindemannlaw.ch\/fr\/relocation-to-the-canton-of-appenzell-innerrhoden-migration-law-corporate-law-and-tax\/","title":{"rendered":"Transfer de domicile dans le canton d&rsquo;Appenzell Rhodes-Int\u00e9rieures | Droit des migrations, droit des soci\u00e9t\u00e9s et fiscalit\u00e9"},"content":{"rendered":"\t\t<div data-elementor-type=\"wp-page\" data-elementor-id=\"22864\" class=\"elementor elementor-22864 elementor-22361\" data-elementor-post-type=\"page\">\n\t\t\t\t<div class=\"elementor-element elementor-element-72704a62 e-flex e-con-boxed e-con e-parent\" data-id=\"72704a62\" data-element_type=\"container\" data-e-type=\"container\">\n\t\t\t\t\t<div class=\"e-con-inner\">\n\t\t\t\t<div class=\"elementor-element elementor-element-a69c9c7 elementor-widget elementor-widget-text-editor\" data-id=\"a69c9c7\" data-element_type=\"widget\" data-e-type=\"widget\" data-widget_type=\"text-editor.default\">\n\t\t\t\t<div class=\"elementor-widget-container\">\n\t\t\t\t\t\t\t\t\t<h3><img fetchpriority=\"high\" decoding=\"async\" class=\"wp-image-22362 alignleft\" src=\"https:\/\/lindemannlaw.ch\/wp-content\/uploads\/2025\/07\/appenzell-innerrhoden-flag-225x300.jpg\" alt=\"\" width=\"200\" height=\"267\" srcset=\"https:\/\/lindemannlaw.ch\/wp-content\/uploads\/2025\/07\/appenzell-innerrhoden-flag-225x300.jpg 225w, https:\/\/lindemannlaw.ch\/wp-content\/uploads\/2025\/07\/appenzell-innerrhoden-flag.jpg 750w\" sizes=\"(max-width: 200px) 100vw, 200px\" \/>Vue d&rsquo;ensemble<\/h3><p>Le canton d&rsquo;Appenzell Rhodes-Int\u00e9rieures est le plus petit canton suisse en termes de population, avec environ 16 000 habitants (2023). Il est situ\u00e9 dans l&rsquo;est de la Suisse et est connu pour sa culture traditionnelle, sa d\u00e9mocratie directe et son environnement naturel pr\u00e9serv\u00e9. La capitale est Appenzell. Malgr\u00e9 sa petite taille, le canton offre un climat propice aux affaires, un immobilier abordable et un mode de vie paisible &#8211; id\u00e9al pour les petites entreprises, les entrepreneurs \u00e0 distance et les entreprises familiales.   <\/p><h3>Forces \u00e9conomiques et infrastructure<\/h3><p>\u2714 <strong>Environnement des affaires<\/strong>: L&rsquo;accent est mis sur l&rsquo;hospitalit\u00e9, l&rsquo;agriculture, les produits artisanaux et les services de haute qualit\u00e9.<br>\u2714 <strong>Industries cl\u00e9s<\/strong>: Tourisme, agroalimentaire, bois, artisanat, construction, bien-\u00eatre et commerce de d\u00e9tail.<br>\u2714 <strong>\u00c9ducation et main-d&rsquo;\u0153uvre<\/strong>: Main-d&rsquo;\u0153uvre locale qualifi\u00e9e, formation professionnelle solide et acc\u00e8s aux universit\u00e9s voisines de Saint-Gall et de Lucerne.<br>\u2714 <strong>Transport et connectivit\u00e9<\/strong>: Bien reli\u00e9 aux centres \u00e9conomiques r\u00e9gionaux de Saint-Gall et de Herisau par la route et le train ; l&rsquo;a\u00e9roport de Zurich est accessible en moins de 90 minutes.<\/p><h3>Fiscalit\u00e9<\/h3><p><strong>Personnes morales : <\/strong>Les personnes morales sont soumises \u00e0 un imp\u00f4t sur le revenu des soci\u00e9t\u00e9s au taux de 12,66 % (Soleure) et \u00e0 un imp\u00f4t sur le capital de 0,05 % sur les fonds propres imposables. L&rsquo;imp\u00f4t sur le capital est compens\u00e9 par l&rsquo;imp\u00f4t sur le revenu des soci\u00e9t\u00e9s. Ainsi, si l&rsquo;imp\u00f4t sur le revenu des soci\u00e9t\u00e9s est sup\u00e9rieur \u00e0 l&rsquo;imp\u00f4t sur le capital, aucun imp\u00f4t sur le capital n&rsquo;est d\u00fb. Les dividendes et les gains en capital provenant de participations qualifi\u00e9es sont exon\u00e9r\u00e9s de l&rsquo;imp\u00f4t sur les soci\u00e9t\u00e9s en raison de l&rsquo;exon\u00e9ration des participations.   <\/p><p><strong>Particuliers<\/strong>: Les Particuliers sont soumis \u00e0 un imp\u00f4t sur le revenu progressif, les taux d&rsquo;imposition effectifs les plus \u00e9lev\u00e9s se situant entre 23,7 % (Appenzell) et 26,9 % (Oberegg). Les gains en capital priv\u00e9s sont exon\u00e9r\u00e9s d&rsquo;imp\u00f4t et les dividendes provenant de participations qualifi\u00e9es sont impos\u00e9s avec un abattement de 50 % au niveau cantonal et de 30 % au niveau f\u00e9d\u00e9ral. Par cons\u00e9quent, selon la structure des revenus, le taux d&rsquo;imposition effectif peut \u00eatre important. Le canton pr\u00e9l\u00e8ve l&rsquo;imp\u00f4t sur la fortune sur la fortune nette d&rsquo;un particulier. Il existe un r\u00e9gime d&rsquo;imposition forfaitaire.    <\/p><h3>Soutien des pouvoirs publics \u00e0 l&rsquo;implantation des entreprises<\/h3><table style=\"border-collapse: collapse; width: 100%;\"><tbody><tr><td style=\"width: 18.5119%;\"><a href=\"https:\/\/www.ai.ch\/verwaltung\/volkwirtschaftsdepartement\/amt-fuer-wirtschaft\" target=\"_blank\" rel=\"noopener\"><img decoding=\"async\" class=\"alignnone wp-image-22367\" src=\"https:\/\/lindemannlaw.ch\/wp-content\/uploads\/2025\/07\/appenzell-innerrhoden-office-for-economic-development-logo-300x54.webp\" alt=\"\" width=\"200\" height=\"36\" srcset=\"https:\/\/lindemannlaw.ch\/wp-content\/uploads\/2025\/07\/appenzell-innerrhoden-office-for-economic-development-logo-300x54.webp 300w, https:\/\/lindemannlaw.ch\/wp-content\/uploads\/2025\/07\/appenzell-innerrhoden-office-for-economic-development-logo.webp 474w\" sizes=\"(max-width: 200px) 100vw, 200px\" \/><\/a><\/td><td style=\"width: 81.4881%;\">\u2714 <strong>Appenzell Rhodes-Int\u00e9rieures Bureau de d\u00e9veloppement \u00e9conomique<\/strong><br>Offre un soutien pratique aux entrepreneurs, y compris des conseils sur la cr\u00e9ation d&rsquo;entreprise, des conseils fiscaux, l&rsquo;identification de sites et la coordination administrative.<br><a href=\"https:\/\/www.ai.ch\/verwaltung\/volkwirtschaftsdepartement\/amt-fuer-wirtschaft\" target=\"_blank\" rel=\"noopener\">En savoir plus<\/a><\/td><\/tr><tr><td style=\"width: 18.5119%;\"> <\/td><td style=\"width: 81.4881%;\">\u2714 <strong>Standort Appenzell (Business Location AI)<\/strong><br>Encourage le d\u00e9veloppement des entreprises, l&rsquo;utilisation du sol pour les PME et les projets de croissance \u00e9conomique durable.<br><a href=\"https:\/\/www.ai.ch\/themen\/wirtschaft-und-arbeit\/wirtschaftsfoerderung\/standortpromotion\/standortvorteile\" target=\"_blank\" rel=\"noopener\">En savoir plus<\/a><\/td><\/tr><tr><td style=\"width: 18.5119%;\"><a href=\"https:\/\/www.appenzell.ch\/de\/home.html\" target=\"_blank\" rel=\"noopener\"><img decoding=\"async\" class=\"alignnone wp-image-22377\" src=\"https:\/\/lindemannlaw.ch\/wp-content\/uploads\/2025\/07\/appenzellerland-logo-300x62.jpg\" alt=\"\" width=\"200\" height=\"41\" srcset=\"https:\/\/lindemannlaw.ch\/wp-content\/uploads\/2025\/07\/appenzellerland-logo-300x62.jpg 300w, https:\/\/lindemannlaw.ch\/wp-content\/uploads\/2025\/07\/appenzellerland-logo-1024x210.jpg 1024w, https:\/\/lindemannlaw.ch\/wp-content\/uploads\/2025\/07\/appenzellerland-logo-768x158.jpg 768w, https:\/\/lindemannlaw.ch\/wp-content\/uploads\/2025\/07\/appenzellerland-logo.jpg 1102w\" sizes=\"(max-width: 200px) 100vw, 200px\" \/><\/a><\/td><td style=\"width: 81.4881%;\">\u2714 <strong>Appenzellerland Tourism AI<\/strong><br>Offre une visibilit\u00e9 et un soutien aux entreprises du secteur du tourisme et de l&rsquo;h\u00f4tellerie.<br><a href=\"https:\/\/www.appenzell.ch\/de\/home.html\" target=\"_blank\" rel=\"noopener\">En savoir plus<\/a><\/td><\/tr><\/tbody><\/table><h3>Avantages suppl\u00e9mentaires<\/h3><p>\u2714 Des co\u00fbts immobiliers tr\u00e8s bas et un co\u00fbt de la vie abordable pour les fondateurs et leurs familles.<br>\u2714 Environnement juridique stable et traditionnel avec des conditions fiscales transparentes.<br>\u2714 Qualit\u00e9 de vie \u00e9lev\u00e9e : id\u00e9al pour les amoureux de la nature, les travailleurs \u00e0 distance et les familles qui attachent de l&rsquo;importance \u00e0 l&rsquo;intimit\u00e9 et \u00e0 la s\u00e9curit\u00e9.<\/p><h3>Liens officiels utiles<\/h3><ul><li><a href=\"https:\/\/www.ai.ch\/verwaltung\/volkwirtschaftsdepartement\/amt-fuer-wirtschaft\" target=\"_blank\" rel=\"noopener\">D\u00e9veloppement \u00e9conomique AI &#8211; Site officiel (DE)<\/a><\/li><li><a href=\"https:\/\/www.ai.ch\/themen\/wirtschaft-und-arbeit\/wirtschaftsfoerderung\/standortpromotion\/standortvorteile\" target=\"_blank\" rel=\"noopener\">Localisation des entreprises AI &#8211; Services et incitations<\/a><\/li><li><a href=\"https:\/\/www.appenzell.ch\/de\/home.html\" target=\"_blank\" rel=\"noopener\">Appenzellerland Tourism AI &#8211; Soutien au secteur<\/a><\/li><li><a href=\"https:\/\/www.ai.ch\/themen\/steuern\" target=\"_blank\" rel=\"noopener\">Tax office AI &#8211; Informations sur les particuliers et les entreprises<\/a><\/li><li><a href=\"https:\/\/www.appenzellerland.ch\/\" target=\"_blank\" rel=\"noopener\">Portail \u00e9conomique de l&rsquo;Appenzellerland (r\u00e9gional)<\/a><\/li><li><a href=\"https:\/\/www.kmu.admin.ch\/kmu\/en\/home\/concrete-know-how\/setting-up-sme\/starting-business.html\" target=\"_blank\" rel=\"noopener\">Cr\u00e9er une entreprise en Suisse &#8211; Portail PME de la Conf\u00e9d\u00e9ration<\/a><\/li><\/ul><p>Le canton d&rsquo;Appenzell Rhodes-Int\u00e9rieures est id\u00e9al pour les Particuliers et les petites entreprises \u00e0 la recherche de calme, de clart\u00e9 juridique et d&rsquo;une communaut\u00e9 soud\u00e9e avec un acc\u00e8s num\u00e9rique moderne. <strong>LINDEMANNLAW<\/strong> vous aide \u00e0 vous installer en vous proposant des services dans le domaine du droit des migrations, de la structuration des entreprises et des conseils fiscaux &#8211; adapt\u00e9s au caract\u00e8re unique des Rhodes-Int\u00e9rieures.<\/p>\t\t\t\t\t\t\t\t<\/div>\n\t\t\t\t<\/div>\n\t\t\t\t\t<\/div>\n\t\t\t\t<\/div>\n\t\t\t\t<\/div>\n\t\t","protected":false},"excerpt":{"rendered":"<p>Vue d&rsquo;ensemble Le canton d&rsquo;Appenzell Rhodes-Int\u00e9rieures est le plus petit canton suisse en termes de population, avec environ 16 000 habitants (2023). Il est situ\u00e9 dans l&rsquo;est de la Suisse et est connu pour sa culture traditionnelle, sa d\u00e9mocratie directe et son environnement naturel pr\u00e9serv\u00e9. La capitale est Appenzell. Malgr\u00e9 sa petite taille, le canton [&hellip;]<\/p>\n","protected":false},"author":19,"featured_media":22383,"parent":0,"menu_order":0,"comment_status":"closed","ping_status":"closed","template":"","meta":{"_acf_changed":false,"site-sidebar-layout":"default","site-content-layout":"","ast-site-content-layout":"default","site-content-style":"default","site-sidebar-style":"default","ast-global-header-display":"","ast-banner-title-visibility":"","ast-main-header-display":"","ast-hfb-above-header-display":"","ast-hfb-below-header-display":"","ast-hfb-mobile-header-display":"","site-post-title":"","ast-breadcrumbs-content":"","ast-featured-img":"","footer-sml-layout":"","ast-disable-related-posts":"","theme-transparent-header-meta":"default","adv-header-id-meta":"","stick-header-meta":"","header-above-stick-meta":"","header-main-stick-meta":"","header-below-stick-meta":"","astra-migrate-meta-layouts":"default","ast-page-background-enabled":"default","ast-page-background-meta":{"desktop":{"background-color":"var(--ast-global-color-4)","background-image":"","background-repeat":"repeat","background-position":"center center","background-size":"auto","background-attachment":"scroll","background-type":"","background-media":"","overlay-type":"","overlay-color":"","overlay-opacity":"","overlay-gradient":""},"tablet":{"background-color":"","background-image":"","background-repeat":"repeat","background-position":"center center","background-size":"auto","background-attachment":"scroll","background-type":"","background-media":"","overlay-type":"","overlay-color":"","overlay-opacity":"","overlay-gradient":""},"mobile":{"background-color":"","background-image":"","background-repeat":"repeat","background-position":"center center","background-size":"auto","background-attachment":"scroll","background-type":"","background-media":"","overlay-type":"","overlay-color":"","overlay-opacity":"","overlay-gradient":""}},"ast-content-background-meta":{"desktop":{"background-color":"var(--ast-global-color-5)","background-image":"","background-repeat":"repeat","background-position":"center center","background-size":"auto","background-attachment":"scroll","background-type":"","background-media":"","overlay-type":"","overlay-color":"","overlay-opacity":"","overlay-gradient":""},"tablet":{"background-color":"var(--ast-global-color-5)","background-image":"","background-repeat":"repeat","background-position":"center center","background-size":"auto","background-attachment":"scroll","background-type":"","background-media":"","overlay-type":"","overlay-color":"","overlay-opacity":"","overlay-gradient":""},"mobile":{"background-color":"var(--ast-global-color-5)","background-image":"","background-repeat":"repeat","background-position":"center center","background-size":"auto","background-attachment":"scroll","background-type":"","background-media":"","overlay-type":"","overlay-color":"","overlay-opacity":"","overlay-gradient":""}},"footnotes":""},"related_contact":[201,438],"expertise":[191,361],"webparts":[],"page_type":[],"class_list":["post-22864","page","type-page","status-publish","has-post-thumbnail","hentry"],"acf":[],"yoast_head":"<!-- This site is optimized with the Yoast SEO Premium plugin v27.5 (Yoast SEO v27.5) - https:\/\/yoast.com\/product\/yoast-seo-premium-wordpress\/ -->\n<title>Transfer de domicile dans le canton d&#039;Appenzell Rhodes-Int\u00e9rieures | Droit des migrations, droit des soci\u00e9t\u00e9s et fiscalit\u00e9 | Lindemann Law<\/title>\n<meta name=\"description\" content=\"D\u00e9couvrez les avantages d&#039;une installation dans le canton d&#039;Appenzell Rhodes-Int\u00e9rieures. LINDEMANNLAW conseille les Particuliers, les familles et les entrepreneurs en mati\u00e8re de droit des migrations, de droit des soci\u00e9t\u00e9s et de fiscalit\u00e9 en Suisse.\" \/>\n<meta name=\"robots\" content=\"index, follow, max-snippet:-1, max-image-preview:large, max-video-preview:-1\" \/>\n<link rel=\"canonical\" href=\"https:\/\/lindemannlaw.ch\/fr\/relocation-to-the-canton-of-appenzell-innerrhoden-migration-law-corporate-law-and-tax\/\" \/>\n<meta property=\"og:locale\" content=\"fr_FR\" \/>\n<meta property=\"og:type\" content=\"article\" \/>\n<meta property=\"og:title\" content=\"Transfer de domicile dans le canton d&#039;Appenzell Rhodes-Int\u00e9rieures | Droit des migrations, droit des soci\u00e9t\u00e9s et fiscalit\u00e9\" \/>\n<meta property=\"og:description\" content=\"D\u00e9couvrez les avantages d&#039;une installation dans le canton d&#039;Appenzell Rhodes-Int\u00e9rieures. LINDEMANNLAW conseille les Particuliers, les familles et les entrepreneurs en mati\u00e8re de droit des migrations, de droit des soci\u00e9t\u00e9s et de fiscalit\u00e9 en Suisse.\" \/>\n<meta property=\"og:url\" content=\"https:\/\/lindemannlaw.ch\/fr\/relocation-to-the-canton-of-appenzell-innerrhoden-migration-law-corporate-law-and-tax\/\" \/>\n<meta property=\"og:site_name\" content=\"Lindemann Law\" \/>\n<meta property=\"article:modified_time\" content=\"2025-09-05T13:06:01+00:00\" \/>\n<meta property=\"og:image\" content=\"https:\/\/lindemannlaw.ch\/wp-content\/uploads\/2025\/07\/appenzell-innerrhoden.webp\" \/>\n\t<meta property=\"og:image:width\" content=\"1300\" \/>\n\t<meta property=\"og:image:height\" content=\"731\" \/>\n\t<meta property=\"og:image:type\" content=\"image\/webp\" \/>\n<meta name=\"twitter:card\" content=\"summary_large_image\" \/>\n<meta name=\"twitter:site\" content=\"@Lindemann_law\" \/>\n<meta name=\"twitter:label1\" content=\"Dur\u00e9e de lecture estim\u00e9e\" \/>\n\t<meta name=\"twitter:data1\" content=\"3 minutes\" \/>\n<script type=\"application\/ld+json\" class=\"yoast-schema-graph\">{\"@context\":\"https:\\\/\\\/schema.org\",\"@graph\":[{\"@type\":\"WebPage\",\"@id\":\"https:\\\/\\\/lindemannlaw.ch\\\/fr\\\/relocation-to-the-canton-of-appenzell-innerrhoden-migration-law-corporate-law-and-tax\\\/\",\"url\":\"https:\\\/\\\/lindemannlaw.ch\\\/fr\\\/relocation-to-the-canton-of-appenzell-innerrhoden-migration-law-corporate-law-and-tax\\\/\",\"name\":\"Transfer de domicile dans le canton d'Appenzell Rhodes-Int\u00e9rieures | Droit des migrations, droit des soci\u00e9t\u00e9s et fiscalit\u00e9 | Lindemann Law\",\"isPartOf\":{\"@id\":\"https:\\\/\\\/lindemannlaw.ch\\\/fr\\\/#website\"},\"primaryImageOfPage\":{\"@id\":\"https:\\\/\\\/lindemannlaw.ch\\\/fr\\\/relocation-to-the-canton-of-appenzell-innerrhoden-migration-law-corporate-law-and-tax\\\/#primaryimage\"},\"image\":{\"@id\":\"https:\\\/\\\/lindemannlaw.ch\\\/fr\\\/relocation-to-the-canton-of-appenzell-innerrhoden-migration-law-corporate-law-and-tax\\\/#primaryimage\"},\"thumbnailUrl\":\"https:\\\/\\\/lindemannlaw.ch\\\/wp-content\\\/uploads\\\/2025\\\/07\\\/appenzell-innerrhoden.webp\",\"datePublished\":\"2025-07-17T08:25:54+00:00\",\"dateModified\":\"2025-09-05T13:06:01+00:00\",\"description\":\"D\u00e9couvrez les avantages d'une installation dans le canton d'Appenzell Rhodes-Int\u00e9rieures. LINDEMANNLAW conseille les Particuliers, les familles et les entrepreneurs en mati\u00e8re de droit des migrations, de droit des soci\u00e9t\u00e9s et de fiscalit\u00e9 en Suisse.\",\"breadcrumb\":{\"@id\":\"https:\\\/\\\/lindemannlaw.ch\\\/fr\\\/relocation-to-the-canton-of-appenzell-innerrhoden-migration-law-corporate-law-and-tax\\\/#breadcrumb\"},\"inLanguage\":\"fr-FR\",\"potentialAction\":[{\"@type\":\"ReadAction\",\"target\":[\"https:\\\/\\\/lindemannlaw.ch\\\/fr\\\/relocation-to-the-canton-of-appenzell-innerrhoden-migration-law-corporate-law-and-tax\\\/\"]}]},{\"@type\":\"ImageObject\",\"inLanguage\":\"fr-FR\",\"@id\":\"https:\\\/\\\/lindemannlaw.ch\\\/fr\\\/relocation-to-the-canton-of-appenzell-innerrhoden-migration-law-corporate-law-and-tax\\\/#primaryimage\",\"url\":\"https:\\\/\\\/lindemannlaw.ch\\\/wp-content\\\/uploads\\\/2025\\\/07\\\/appenzell-innerrhoden.webp\",\"contentUrl\":\"https:\\\/\\\/lindemannlaw.ch\\\/wp-content\\\/uploads\\\/2025\\\/07\\\/appenzell-innerrhoden.webp\",\"width\":1300,\"height\":731},{\"@type\":\"BreadcrumbList\",\"@id\":\"https:\\\/\\\/lindemannlaw.ch\\\/fr\\\/relocation-to-the-canton-of-appenzell-innerrhoden-migration-law-corporate-law-and-tax\\\/#breadcrumb\",\"itemListElement\":[{\"@type\":\"ListItem\",\"position\":1,\"name\":\"Home\",\"item\":\"https:\\\/\\\/lindemannlaw.ch\\\/fr\\\/\"},{\"@type\":\"ListItem\",\"position\":2,\"name\":\"Transfer de domicile dans le canton d&rsquo;Appenzell Rhodes-Int\u00e9rieures | Droit des migrations, droit des soci\u00e9t\u00e9s et fiscalit\u00e9\"}]},{\"@type\":\"WebSite\",\"@id\":\"https:\\\/\\\/lindemannlaw.ch\\\/fr\\\/#website\",\"url\":\"https:\\\/\\\/lindemannlaw.ch\\\/fr\\\/\",\"name\":\"Lindemann Law\",\"description\":\"Asset Management legal services\",\"publisher\":{\"@id\":\"https:\\\/\\\/lindemannlaw.ch\\\/fr\\\/#organization\"},\"potentialAction\":[{\"@type\":\"SearchAction\",\"target\":{\"@type\":\"EntryPoint\",\"urlTemplate\":\"https:\\\/\\\/lindemannlaw.ch\\\/fr\\\/?s={search_term_string}\"},\"query-input\":{\"@type\":\"PropertyValueSpecification\",\"valueRequired\":true,\"valueName\":\"search_term_string\"}}],\"inLanguage\":\"fr-FR\"},{\"@type\":\"Organization\",\"@id\":\"https:\\\/\\\/lindemannlaw.ch\\\/fr\\\/#organization\",\"name\":\"Lindemann Law\",\"url\":\"https:\\\/\\\/lindemannlaw.ch\\\/fr\\\/\",\"logo\":{\"@type\":\"ImageObject\",\"inLanguage\":\"fr-FR\",\"@id\":\"https:\\\/\\\/lindemannlaw.ch\\\/fr\\\/#\\\/schema\\\/logo\\\/image\\\/\",\"url\":\"https:\\\/\\\/lindemannlaw.ch\\\/wp-content\\\/uploads\\\/2021\\\/01\\\/logo-lindemannlaw_cropped.png\",\"contentUrl\":\"https:\\\/\\\/lindemannlaw.ch\\\/wp-content\\\/uploads\\\/2021\\\/01\\\/logo-lindemannlaw_cropped.png\",\"width\":150,\"height\":73,\"caption\":\"Lindemann Law\"},\"image\":{\"@id\":\"https:\\\/\\\/lindemannlaw.ch\\\/fr\\\/#\\\/schema\\\/logo\\\/image\\\/\"},\"sameAs\":[\"https:\\\/\\\/x.com\\\/Lindemann_law\",\"https:\\\/\\\/www.linkedin.com\\\/company\\\/lindemannlaw\\\/\"]}]}<\/script>\n<!-- \/ Yoast SEO Premium plugin. -->","yoast_head_json":{"title":"Transfer de domicile dans le canton d'Appenzell Rhodes-Int\u00e9rieures | Droit des migrations, droit des soci\u00e9t\u00e9s et fiscalit\u00e9 | Lindemann Law","description":"D\u00e9couvrez les avantages d'une installation dans le canton d'Appenzell Rhodes-Int\u00e9rieures. LINDEMANNLAW conseille les Particuliers, les familles et les entrepreneurs en mati\u00e8re de droit des migrations, de droit des soci\u00e9t\u00e9s et de fiscalit\u00e9 en Suisse.","robots":{"index":"index","follow":"follow","max-snippet":"max-snippet:-1","max-image-preview":"max-image-preview:large","max-video-preview":"max-video-preview:-1"},"canonical":"https:\/\/lindemannlaw.ch\/fr\/relocation-to-the-canton-of-appenzell-innerrhoden-migration-law-corporate-law-and-tax\/","og_locale":"fr_FR","og_type":"article","og_title":"Transfer de domicile dans le canton d'Appenzell Rhodes-Int\u00e9rieures | Droit des migrations, droit des soci\u00e9t\u00e9s et fiscalit\u00e9","og_description":"D\u00e9couvrez les avantages d'une installation dans le canton d'Appenzell Rhodes-Int\u00e9rieures. LINDEMANNLAW conseille les Particuliers, les familles et les entrepreneurs en mati\u00e8re de droit des migrations, de droit des soci\u00e9t\u00e9s et de fiscalit\u00e9 en Suisse.","og_url":"https:\/\/lindemannlaw.ch\/fr\/relocation-to-the-canton-of-appenzell-innerrhoden-migration-law-corporate-law-and-tax\/","og_site_name":"Lindemann Law","article_modified_time":"2025-09-05T13:06:01+00:00","og_image":[{"width":1300,"height":731,"url":"https:\/\/lindemannlaw.ch\/wp-content\/uploads\/2025\/07\/appenzell-innerrhoden.webp","type":"image\/webp"}],"twitter_card":"summary_large_image","twitter_site":"@Lindemann_law","twitter_misc":{"Dur\u00e9e de lecture estim\u00e9e":"3 minutes"},"schema":{"@context":"https:\/\/schema.org","@graph":[{"@type":"WebPage","@id":"https:\/\/lindemannlaw.ch\/fr\/relocation-to-the-canton-of-appenzell-innerrhoden-migration-law-corporate-law-and-tax\/","url":"https:\/\/lindemannlaw.ch\/fr\/relocation-to-the-canton-of-appenzell-innerrhoden-migration-law-corporate-law-and-tax\/","name":"Transfer de domicile dans le canton d'Appenzell Rhodes-Int\u00e9rieures | Droit des migrations, droit des soci\u00e9t\u00e9s et fiscalit\u00e9 | Lindemann Law","isPartOf":{"@id":"https:\/\/lindemannlaw.ch\/fr\/#website"},"primaryImageOfPage":{"@id":"https:\/\/lindemannlaw.ch\/fr\/relocation-to-the-canton-of-appenzell-innerrhoden-migration-law-corporate-law-and-tax\/#primaryimage"},"image":{"@id":"https:\/\/lindemannlaw.ch\/fr\/relocation-to-the-canton-of-appenzell-innerrhoden-migration-law-corporate-law-and-tax\/#primaryimage"},"thumbnailUrl":"https:\/\/lindemannlaw.ch\/wp-content\/uploads\/2025\/07\/appenzell-innerrhoden.webp","datePublished":"2025-07-17T08:25:54+00:00","dateModified":"2025-09-05T13:06:01+00:00","description":"D\u00e9couvrez les avantages d'une installation dans le canton d'Appenzell Rhodes-Int\u00e9rieures. LINDEMANNLAW conseille les Particuliers, les familles et les entrepreneurs en mati\u00e8re de droit des migrations, de droit des soci\u00e9t\u00e9s et de fiscalit\u00e9 en Suisse.","breadcrumb":{"@id":"https:\/\/lindemannlaw.ch\/fr\/relocation-to-the-canton-of-appenzell-innerrhoden-migration-law-corporate-law-and-tax\/#breadcrumb"},"inLanguage":"fr-FR","potentialAction":[{"@type":"ReadAction","target":["https:\/\/lindemannlaw.ch\/fr\/relocation-to-the-canton-of-appenzell-innerrhoden-migration-law-corporate-law-and-tax\/"]}]},{"@type":"ImageObject","inLanguage":"fr-FR","@id":"https:\/\/lindemannlaw.ch\/fr\/relocation-to-the-canton-of-appenzell-innerrhoden-migration-law-corporate-law-and-tax\/#primaryimage","url":"https:\/\/lindemannlaw.ch\/wp-content\/uploads\/2025\/07\/appenzell-innerrhoden.webp","contentUrl":"https:\/\/lindemannlaw.ch\/wp-content\/uploads\/2025\/07\/appenzell-innerrhoden.webp","width":1300,"height":731},{"@type":"BreadcrumbList","@id":"https:\/\/lindemannlaw.ch\/fr\/relocation-to-the-canton-of-appenzell-innerrhoden-migration-law-corporate-law-and-tax\/#breadcrumb","itemListElement":[{"@type":"ListItem","position":1,"name":"Home","item":"https:\/\/lindemannlaw.ch\/fr\/"},{"@type":"ListItem","position":2,"name":"Transfer de domicile dans le canton d&rsquo;Appenzell Rhodes-Int\u00e9rieures | Droit des migrations, droit des soci\u00e9t\u00e9s et fiscalit\u00e9"}]},{"@type":"WebSite","@id":"https:\/\/lindemannlaw.ch\/fr\/#website","url":"https:\/\/lindemannlaw.ch\/fr\/","name":"Lindemann Law","description":"Asset Management legal services","publisher":{"@id":"https:\/\/lindemannlaw.ch\/fr\/#organization"},"potentialAction":[{"@type":"SearchAction","target":{"@type":"EntryPoint","urlTemplate":"https:\/\/lindemannlaw.ch\/fr\/?s={search_term_string}"},"query-input":{"@type":"PropertyValueSpecification","valueRequired":true,"valueName":"search_term_string"}}],"inLanguage":"fr-FR"},{"@type":"Organization","@id":"https:\/\/lindemannlaw.ch\/fr\/#organization","name":"Lindemann Law","url":"https:\/\/lindemannlaw.ch\/fr\/","logo":{"@type":"ImageObject","inLanguage":"fr-FR","@id":"https:\/\/lindemannlaw.ch\/fr\/#\/schema\/logo\/image\/","url":"https:\/\/lindemannlaw.ch\/wp-content\/uploads\/2021\/01\/logo-lindemannlaw_cropped.png","contentUrl":"https:\/\/lindemannlaw.ch\/wp-content\/uploads\/2021\/01\/logo-lindemannlaw_cropped.png","width":150,"height":73,"caption":"Lindemann Law"},"image":{"@id":"https:\/\/lindemannlaw.ch\/fr\/#\/schema\/logo\/image\/"},"sameAs":["https:\/\/x.com\/Lindemann_law","https:\/\/www.linkedin.com\/company\/lindemannlaw\/"]}]}},"_links":{"self":[{"href":"https:\/\/lindemannlaw.ch\/fr\/wp-json\/wp\/v2\/pages\/22864","targetHints":{"allow":["GET"]}}],"collection":[{"href":"https:\/\/lindemannlaw.ch\/fr\/wp-json\/wp\/v2\/pages"}],"about":[{"href":"https:\/\/lindemannlaw.ch\/fr\/wp-json\/wp\/v2\/types\/page"}],"author":[{"embeddable":true,"href":"https:\/\/lindemannlaw.ch\/fr\/wp-json\/wp\/v2\/users\/19"}],"replies":[{"embeddable":true,"href":"https:\/\/lindemannlaw.ch\/fr\/wp-json\/wp\/v2\/comments?post=22864"}],"version-history":[{"count":0,"href":"https:\/\/lindemannlaw.ch\/fr\/wp-json\/wp\/v2\/pages\/22864\/revisions"}],"wp:featuredmedia":[{"embeddable":true,"href":"https:\/\/lindemannlaw.ch\/fr\/wp-json\/wp\/v2\/media\/22383"}],"wp:attachment":[{"href":"https:\/\/lindemannlaw.ch\/fr\/wp-json\/wp\/v2\/media?parent=22864"}],"wp:term":[{"taxonomy":"related_contact","embeddable":true,"href":"https:\/\/lindemannlaw.ch\/fr\/wp-json\/wp\/v2\/related_contact?post=22864"},{"taxonomy":"expertise","embeddable":true,"href":"https:\/\/lindemannlaw.ch\/fr\/wp-json\/wp\/v2\/expertise?post=22864"},{"taxonomy":"webparts","embeddable":true,"href":"https:\/\/lindemannlaw.ch\/fr\/wp-json\/wp\/v2\/webparts?post=22864"},{"taxonomy":"page_type","embeddable":true,"href":"https:\/\/lindemannlaw.ch\/fr\/wp-json\/wp\/v2\/page_type?post=22864"}],"curies":[{"name":"wp","href":"https:\/\/api.w.org\/{rel}","templated":true}]}}